{"id":1745,"date":"2016-01-15T18:19:17","date_gmt":"2016-01-15T18:19:17","guid":{"rendered":"http:\/\/max-emden.de\/wordpress\/?page_id=1745"},"modified":"2017-02-05T11:53:08","modified_gmt":"2017-02-05T11:53:08","slug":"2016-2","status":"publish","type":"page","link":"https:\/\/max-emden.de\/wordpress\/2016-2\/","title":{"rendered":"2016"},"content":{"rendered":"<p>EZ, 31.12.2016:\u00a0<a href=\"https:\/\/max-emden.de\/wordpress\/wp-content\/uploads\/2017\/02\/ez3112Libanon.jpg\" target=\"_blank\">Sch\u00fcler-Lehrer-Duo im Libanon<\/a><\/p>\n<p>EZ, 27.12.2016:\u00a0<a href=\"https:\/\/max-emden.de\/wordpress\/wp-content\/uploads\/2017\/02\/ez2712Together.jpg\" target=\"_blank\">Zwei Treffen, die zur Schultradition geh\u00f6ren<\/a><\/p>\n<p>EZ, 24.12.2016:\u00a0<a href=\"https:\/\/max-emden.de\/wordpress\/wp-content\/uploads\/2017\/02\/ez2412Gottesdienst.jpg\" target=\"_blank\">Max-Sch\u00fcler feierten Weihnachtsgottesdienst<\/a><\/p>\n<p>EZ, 21.12.2016:\u00a0<a href=\"https:\/\/max-emden.de\/wordpress\/wp-content\/uploads\/2017\/02\/ez2112TT.jpg\" target=\"_blank\">Max-Jungen bleiben am Ball<\/a><\/p>\n<p>EZ, 21.12.2016:\u00a0<a href=\"https:\/\/max-emden.de\/wordpress\/wp-content\/uploads\/2017\/02\/ez2112Yougend.jpg\" target=\"_blank\">Es hat sich in nur einem Jahr viel getan<\/a><\/p>\n<p>OZ, 20.12.2016:\u00a0<a href=\"https:\/\/max-emden.de\/wordpress\/wp-content\/uploads\/2017\/02\/oz2012TT.jpg\" target=\"_blank\">Tempel behielt im f\u00fcnften Satz die Nerven<\/a><\/p>\n<p>OZ, 09.12.2016:\u00a0<a href=\"https:\/\/max-emden.de\/wordpress\/wp-content\/uploads\/2017\/02\/oz0912Smartphonefalle.jpg\" target=\"_blank\">Schulen in der Smartphone-Falle<\/a><\/p>\n<p>EZ, 06.12.2016:\u00a0<a href=\"https:\/\/max-emden.de\/wordpress\/wp-content\/uploads\/2017\/02\/ez0612Indien.jpg\" target=\"_blank\">Emder \u201eMax\u201d war beim Workshop in Indien vertreten<\/a><\/p>\n<p>EZ, 25.11.2016: <a href=\"https:\/\/max-emden.de\/wordpress\/wp-content\/uploads\/2016\/11\/ez2511EnglischerGottesdienst.jpg\">Gottesdienst auf Englisch<\/a><\/p>\n<p>EZ, 23.11.2016:\u00a0<a href=\"https:\/\/max-emden.de\/wordpress\/wp-content\/uploads\/2016\/11\/ez2311Integration.jpg\">Wege zur erfolgreichen Integration<\/a><\/p>\n<p>EZ, 15.11.2016:\u00a0<a href=\"https:\/\/max-emden.de\/wordpress\/wp-content\/uploads\/2016\/11\/ez1511FrauenfestSpende.jpg\">Frauenfest im Kulturbunker gefeiert<\/a><\/p>\n<p>EZ, 12.11.2016: <a href=\"https:\/\/max-emden.de\/wordpress\/wp-content\/uploads\/2016\/11\/ez1211Erasmus.jpg\" target=\"_blank\">\u201eMax\u201d startet neues Erasmus-Projekt<\/a><\/p>\n<p>EZ, 12.11.2016:\u00a0<a href=\"https:\/\/max-emden.de\/wordpress\/wp-content\/uploads\/2016\/11\/ez1211WzA.jpg\" target=\"_blank\">\u201eMax\u201d-Sch\u00fcler erlebten Wirtschaft zum Anfassen<\/a><\/p>\n<p>EZ, 10.11.2016:\u00a0<a href=\"https:\/\/max-emden.de\/wordpress\/wp-content\/uploads\/2016\/11\/ez1011InternationalerGeburtstag.jpg\" target=\"_blank\">Internationaler Vereinsgeburtstag<\/a><\/p>\n<p>EZ, 09.11.2016:\u00a0<a href=\"https:\/\/max-emden.de\/wordpress\/wp-content\/uploads\/2016\/11\/ez0911Plastikmeer.jpg\" target=\"_blank\">Gegen die Plastikflut in den Meeren<\/a><\/p>\n<p>EZ, 05.11.2016:\u00a0<a href=\"https:\/\/max-emden.de\/wordpress\/wp-content\/uploads\/2016\/11\/ez0511yv.jpg\" target=\"_blank\">Emder Lehrer nahmen an Fortbildung in Yad Vashem teil<\/a><\/p>\n<p>EZ, 22.10.2016:\u00a0<a href=\"https:\/\/max-emden.de\/wordpress\/wp-content\/uploads\/2016\/10\/ez2010Partnerschaft.jpg\" target=\"_blank\">Schau \u00fcber ein d\u00fcsteres Kapitel<\/a><\/p>\n<p>EZ, 21.10.2016: <a href=\"https:\/\/max-emden.de\/wordpress\/wp-content\/uploads\/2016\/10\/ez2110Double-Feature.jpg\" target=\"_blank\">\u201eBeispielhafte Erinnerungskultur\u201d<\/a><\/p>\n<p>EZ, 14.10.2016:\u00a0<a href=\"https:\/\/max-emden.de\/wordpress\/wp-content\/uploads\/2016\/10\/ez1410DoubleFeature.jpg\" target=\"_blank\">Identifikation mit Max Windm\u00fcller<\/a><\/p>\n<p>OZ, 13.10.2016:\u00a0<a href=\"https:\/\/max-emden.de\/wordpress\/wp-content\/uploads\/2016\/10\/oz1310SportlerderWoche.jpg\" target=\"_blank\">Von der Karibik-Insel Martinique zur ELG<\/a><\/p>\n<p>EZ, 12.10.2016:\u00a0<a href=\"https:\/\/max-emden.de\/wordpress\/wp-content\/uploads\/2016\/10\/ez1210AppEntwicklung.jpg\" target=\"_blank\">Junge App-Entwicklerinnen in Aktion<\/a><\/p>\n<p>EZ, 11.10.2016:\u00a0<a href=\"https:\/\/max-emden.de\/wordpress\/wp-content\/uploads\/2016\/10\/ErsteHilfeRucks\u00e4cke.jpg\" target=\"_blank\">Erste Hilfe-Rucks\u00e4cke f\u00fcr Schulen<\/a><\/p>\n<p>OZ, 29.09.2016:\u00a0<a href=\"https:\/\/max-emden.de\/wordpress\/wp-content\/uploads\/2016\/10\/oz2909Sportfest.jpg\" target=\"_blank\">306 Max-Sch\u00fcler legten Sportabzeichen ab<\/a><\/p>\n<p>OZ, 28.09.2016:\u00a0<a href=\"https:\/\/max-emden.de\/wordpress\/wp-content\/uploads\/2016\/10\/oz2809ZeichengegenFremdenhass.jpg\" target=\"_blank\">Sch\u00fcler setzen Zeichen gegen Fremdenhass<\/a><\/p>\n<p>OZ, 27.09.2016:\u00a0<a href=\"https:\/\/max-emden.de\/wordpress\/wp-content\/uploads\/2016\/10\/oz2709Solarmobil.jpg\" target=\"_blank\">Solarmobile:\u00a0Erfolge im\u00a0Bundesfinale<\/a><\/p>\n<p>EZ, 22.09.2016:\u00a0<a href=\"https:\/\/max-emden.de\/wordpress\/wp-content\/uploads\/2016\/09\/ez2209jtfofinale.jpg\" target=\"_blank\">Drei Zehntel fehlten f\u00fcr das Podest<\/a><\/p>\n<p>EZ, 21.09.2016:\u00a0<a href=\"https:\/\/max-emden.de\/wordpress\/wp-content\/uploads\/2016\/09\/ez2109jtfoSensation.jpg\" target=\"_blank\">\u201eMax\u201d-M\u00e4dchen rudern in Berlin sensationell ins Finale<\/a><\/p>\n<p>EZ, 17.09.2016:\u00a0M<a href=\"https:\/\/max-emden.de\/wordpress\/wp-content\/uploads\/2016\/09\/ez1709Rudern.jpg\" target=\"_blank\">orgen geht&#8217;s zum Finale nach Berlin<\/a><\/p>\n<p>EZ, 10.09.2016:\u00a0<a href=\"https:\/\/max-emden.de\/wordpress\/wp-content\/uploads\/2016\/09\/ez1009Exodus.jpg\" target=\"_blank\">Gedenken an Exodus-Juden<\/a><\/p>\n<p>EZ, 06.09.2016:\u00a0<a href=\"https:\/\/max-emden.de\/wordpress\/wp-content\/uploads\/2016\/09\/ez0609Exoduslager.jpg\" target=\"_blank\">Exodus-Camp bleibt kein wei\u00dfer Fleck<\/a><\/p>\n<p>EZ, 18.08.2016:\u00a0<a href=\"https:\/\/max-emden.de\/wordpress\/wp-content\/uploads\/2016\/08\/ez1808Einschulung.jpg\" target=\"_blank\">121 neue F\u00fcnftkl\u00e4ssler am Emder Max-Windm\u00fcller-Gymnasium<\/a><\/p>\n<p>OZ, 13.08.2016:\u00a0<a href=\"https:\/\/max-emden.de\/wordpress\/wp-content\/uploads\/2016\/10\/oz1308Einschulung.jpg\" target=\"_blank\">Das Max-Windm\u00fcller-Gymnasium\u00a0hat 121 neue F\u00fcnftkl\u00e4ssler begr\u00fc\u00dft<\/a><\/p>\n<p>EZ, 01.08.2016:\u00a0<a href=\"https:\/\/max-emden.de\/wordpress\/wp-content\/uploads\/2016\/08\/ez0108Endspurt.jpg\">Endspurt auf den Ferienbaustellen<\/a><\/p>\n<p>EZ, 05.07.2016:\u00a0<a href=\"https:\/\/max-emden.de\/wordpress\/wp-content\/uploads\/2016\/08\/ez0507Ferienarbeiten.jpg\">Rackern in den Ferien<\/a><\/p>\n<p>EZ, 05.07.2016:\u00a0<a href=\"https:\/\/max-emden.de\/wordpress\/wp-content\/uploads\/2016\/08\/ez0507Rammen.jpg\">Mit Ramme startet\u00a0die Ferien-Bauzeit<\/a><\/p>\n<p>EZ, 30.06.2016:\u00a0<a href=\"https:\/\/max-emden.de\/wordpress\/wp-content\/uploads\/2016\/08\/ez3006Vorbereitungen.jpg\">Vorbereitungen f\u00fcr den Musikpavillon<\/a><\/p>\n<p>EZ, 25.06.2016:\u00a0<a href=\"https:\/\/max-emden.de\/wordpress\/wp-content\/uploads\/2016\/08\/ez2506Abiwasdann.jpg\">Abi in der Tasche &#8211; und wie geht&#8217;s weiter?<\/a><\/p>\n<p>EZ, 24.06.2016:\u00a0<a href=\"https:\/\/max-emden.de\/wordpress\/wp-content\/uploads\/2016\/08\/ez2406Kulturen.jpg\">Sch\u00fcler lernten von anderen Kulturen<\/a><\/p>\n<p>EZ, 24.06.2016:\u00a0<a href=\"https:\/\/max-emden.de\/wordpress\/wp-content\/uploads\/2016\/08\/ez2406HerausragendeLeistungen.jpg\">Herausragende Leistungen honoriert<\/a><\/p>\n<p>EZ, 22.06.2016:\u00a0<a href=\"https:\/\/max-emden.de\/wordpress\/wp-content\/uploads\/2016\/08\/ez2206Regatta.jpg\">Sch\u00fcler und Lehrer im Paddel-Wettstreit<\/a><\/p>\n<p>EZ, 18.06.2016: <a href=\"https:\/\/max-emden.de\/wordpress\/wp-content\/uploads\/2016\/08\/ez1806Abitur.jpg\">Sie haben das Abitur bestanden<\/a><\/p>\n<p>EZ, 17.06.2016:\u00a0<a href=\"https:\/\/max-emden.de\/wordpress\/wp-content\/uploads\/2016\/08\/ez1706ToterWinkel.jpg\">Achtung\u00a0toter Winkel<\/a><\/p>\n<p>EZ, 16.06.2016:\u00a0<a href=\"https:\/\/max-emden.de\/wordpress\/wp-content\/uploads\/2016\/08\/ez1606Berlin.jpg\">Max-M\u00e4dchen fahren nach Berlin<\/a><\/p>\n<p>EZ, 04.06.2016:\u00a0<a href=\"https:\/\/max-emden.de\/wordpress\/wp-content\/uploads\/2016\/06\/ez0406EWE.jpg\" target=\"_blank\">\u201eMax\u201d-Sch\u00fcler gewinnen Ergometer-Wettbewerb<\/a><\/p>\n<p>EZ, 01.06.2016:\u00a0<a href=\"https:\/\/max-emden.de\/wordpress\/wp-content\/uploads\/2016\/06\/ez0106WerderCup.jpg\" target=\"_blank\">Max-M\u00e4dchen holten\u00a02. Platz beim Werder-Cup<\/a><\/p>\n<p>EZ, 28.05.2016:\u00a0<a href=\"https:\/\/max-emden.de\/wordpress\/wp-content\/uploads\/2016\/06\/ez2805Karibik.jpg\" target=\"_blank\">Gegenbesuch am Emder Max: Von der Karibik ins Wattenmeer<\/a><\/p>\n<p>EZ, 26.05.2016:\u00a0<a href=\"https:\/\/max-emden.de\/wordpress\/wp-content\/uploads\/2016\/06\/ez2605SandraFuhrmann.jpg\" target=\"_blank\">Emderin im Landtag geehrt<\/a><\/p>\n<p>OZ, 21.05.2016:\u00a0<a href=\"https:\/\/max-emden.de\/wordpress\/wp-content\/uploads\/2016\/05\/oz2105BesuchWindmiller.jpg\" target=\"_blank\">\u201eMax Windm\u00fcller steht f\u00fcr Toleranz\u201c<\/a><\/p>\n<p>OZ, 21.05.2016:\u00a0<a href=\"https:\/\/max-emden.de\/wordpress\/wp-content\/uploads\/2016\/05\/oz2105BesuchWindmiller2.jpg\" target=\"_blank\">Windm\u00fcller-Neffe\u00a0f\u00fchrte durch Emden<\/a><\/p>\n<p>EZ, 21.05.2016:\u00a0<a href=\"https:\/\/max-emden.de\/wordpress\/wp-content\/uploads\/2016\/05\/ez2105BesuchWindmiller2.jpg\" target=\"_blank\">Am \u201eMax\u201d\u00a0steht \u201eMax\u201d &#8211;\u00a0Nachfahren von Windm\u00fcller enth\u00fcllten den Namen<\/a><\/p>\n<p>EZ, 21.05.2016:\u00a0<a href=\"https:\/\/max-emden.de\/wordpress\/wp-content\/uploads\/2016\/05\/ez2105MontrealBesuchEmden.jpg\" target=\"_blank\">Max hatte erstmals Austausch-Sch\u00fcler aus Montr\u00e9al<\/a><\/p>\n<p>EZ, 20.05.2016:\u00a0<a href=\"https:\/\/max-emden.de\/wordpress\/wp-content\/uploads\/2016\/05\/ez2005BesuchWindmiller.jpg\" target=\"_blank\">Zu Ehren des Onkels &#8211;\u00a0Tee-Empfang im Rummel f\u00fcr Arie Windmiller<\/a><\/p>\n<p>EZ, 19.05.2016:\u00a0<a href=\"https:\/\/max-emden.de\/wordpress\/wp-content\/uploads\/2016\/05\/ez1905MatheAbi.jpg\" target=\"_blank\">113 bangen\u00a0um ihre Note &#8211;\u00a0Zentrale Mathe-Abi-Aufgaben auf dem Pr\u00fcfstand<\/a><\/p>\n<p>EZ, 18.05.2016:\u00a0<a href=\"https:\/\/max-emden.de\/wordpress\/wp-content\/uploads\/2016\/05\/ez1805Sportabzeichen.jpg\" target=\"_blank\">Neuer Rekord &#8211;\u00a0Emder Schulen legten 1391 Sportabzeichen ab<\/a><\/p>\n<p>EZ, 18.05.2016:\u00a0<a href=\"https:\/\/max-emden.de\/wordpress\/wp-content\/uploads\/2016\/05\/ez1805Logo.jpg\" target=\"_blank\">Von au\u00dfen sehen, was drinsteckt &#8211; neuer Name am Gymnasium<\/a><\/p>\n<p>OZ, 07.05.2016:\u00a0<a href=\"https:\/\/max-emden.de\/wordpress\/wp-content\/uploads\/2016\/05\/oz0705SandraWettbewerb.jpg\" target=\"_blank\">Emderin \u00fcberzeugt Bundesjury<\/a><\/p>\n<p>EZ, 07.05.2016:\u00a0<a href=\"https:\/\/max-emden.de\/wordpress\/wp-content\/uploads\/2016\/05\/ez0705SandraWettbewerb.jpg\" target=\"_blank\">Sandra gewinnt mit Versen<\/a><\/p>\n<p>EZ, 07.05.2016: <a href=\"https:\/\/max-emden.de\/wordpress\/wp-content\/uploads\/2016\/05\/ez0705Texel.jpg\" target=\"_blank\">Emder und niederl\u00e4ndische Sch\u00fcler auf Spurensuche im Landesmuseum<\/a><\/p>\n<p>OZ, 29.04.2016:\u00a0<a href=\"https:\/\/max-emden.de\/wordpress\/wp-content\/uploads\/2016\/04\/oz2904Anmeldungen.jpg\" target=\"_blank\">Gymnasien liegen in der Gunst Emder Eltern weiter vorn<\/a><\/p>\n<p>EZ, 29.04.2016:\u00a0<a href=\"https:\/\/max-emden.de\/wordpress\/wp-content\/uploads\/2016\/04\/ez2904Anmeldungen.jpg\" target=\"_blank\">Nur 13 neue Sch\u00fcler f\u00fcr Borssum<\/a><\/p>\n<p>OZ, 28.04.2016:\u00a0<a href=\"https:\/\/max-emden.de\/wordpress\/wp-content\/uploads\/2016\/04\/oz2804Stolpersteine.jpg\" target=\"_blank\">Stolpersteine geputzt und der Opfer gedacht<\/a><\/p>\n<p>OZ, 26.04.2016:\u00a0<a href=\"https:\/\/max-emden.de\/wordpress\/wp-content\/uploads\/2016\/04\/oz260430Jahre.jpg\" target=\"_blank\">\u201eDas ist mir eine Herzensangelegenheit\u201c<\/a><\/p>\n<p>EZ, 26.04.2016:\u00a0<a href=\"https:\/\/max-emden.de\/wordpress\/wp-content\/uploads\/2016\/04\/ez2604SSDWettbewerb.jpg\" target=\"_blank\">\u201e\u00dcberall kann\u00a0es passieren\u201d<\/a><\/p>\n<p>OZ, 25.04.2016: <a href=\"https:\/\/max-emden.de\/wordpress\/wp-content\/uploads\/2016\/04\/oz2504SSDWettbewerb.jpg\" target=\"_blank\">Wunden waren zum Gl\u00fcck nur geschminkt<\/a><\/p>\n<p>OZ, 25.04.2016: <a href=\"https:\/\/max-emden.de\/wordpress\/wp-content\/uploads\/2016\/04\/oz250430Jahre.jpg\" target=\"_blank\">&#8222;775 Kilometer vorm Ziel streikte der Motor&#8220;<\/a><\/p>\n<p>OZ, 23.04.2016:\u00a0<a href=\"https:\/\/max-emden.de\/wordpress\/wp-content\/uploads\/2016\/04\/oz230430Jahre.jpg\" target=\"_blank\">\u201eWir hatten damals einen Traum\u201c<\/a><\/p>\n<p>OZ, 22.04.2016:\u00a0<a href=\"https:\/\/max-emden.de\/wordpress\/wp-content\/uploads\/2016\/04\/oz220430Jahre.jpg\" target=\"_blank\">Windm\u00fchlen sind der richtige Schritt<\/a><\/p>\n<p>OZ, 21.04.2016:\u00a0<a href=\"https:\/\/max-emden.de\/wordpress\/wp-content\/uploads\/2016\/04\/oz210430Jahre.jpg\" target=\"_blank\">\u201eWir brauchen eine weltweite Aufsicht\u201c<\/a><\/p>\n<p>OZ, 20.04.2016:\u00a0<a href=\"https:\/\/max-emden.de\/wordpress\/wp-content\/uploads\/2016\/04\/oz200430Jahre.jpg\" target=\"_blank\">Nach der Katastrophe: Kinder besuchten \u201eParadies\u201c<\/a><\/p>\n<p>OZ, 19.04.2016:\u00a0<a href=\"https:\/\/max-emden.de\/wordpress\/wp-content\/uploads\/2016\/04\/OZ1904.30Jahre.jpg\" target=\"_blank\">Die Katastrophe und ihre Folgen<\/a><\/p>\n<p>OZ, 16.04.2016: <a href=\"https:\/\/max-emden.de\/wordpress\/wp-content\/uploads\/2016\/04\/oz1604Graffiti.jpg\" target=\"_blank\">Sch\u00fcler gestalteten Graffiti<\/a><\/p>\n<p>EZ, 16.04.2016:\u00a0<a href=\"https:\/\/max-emden.de\/wordpress\/wp-content\/uploads\/2016\/04\/ez1604Mikroskopie.jpg\" target=\"_blank\">Einblicke in moderne Mikroskopie<\/a><\/p>\n<p>EZ, 14.04.2016:\u00a0<a href=\"https:\/\/max-emden.de\/wordpress\/wp-content\/uploads\/2016\/04\/ez1404Eiben.jpg\" target=\"_blank\">Wenn er antritt, gewinnt er meist<\/a><\/p>\n<p>EZ, 13.04.2016:\u00a0<a href=\"https:\/\/max-emden.de\/wordpress\/wp-content\/uploads\/2016\/04\/ez1304Sportfest.jpg\" target=\"_blank\">Spannung, Sport und Spiel<\/a><\/p>\n<p>EZ, 18.03.2016:\u00a0<a href=\"https:\/\/max-emden.de\/wordpress\/wp-content\/uploads\/2016\/04\/ez1803Kentertraining.jpg\" target=\"_blank\">Kenter-Training im Schwimmbad<\/a><\/p>\n<p>EZ, 28.02.2016:\u00a0<a href=\"https:\/\/max-emden.de\/wordpress\/wp-content\/uploads\/2016\/04\/ez2802Lesen.jpg\" target=\"_blank\">Stadtentscheid im Vorlesewettbewerb: Siegerin kommt vom Max<\/a><\/p>\n<p>EZ, 23.02.2016:\u00a0<a href=\"https:\/\/max-emden.de\/wordpress\/wp-content\/uploads\/2016\/02\/ez2302RedHands.jpg\" target=\"_blank\">\u201eMax\u201d mit roter Hand gegen Kindersoldaten-Einsatz<\/a><\/p>\n<p>EZ, 20.02.2016:\u00a0<a href=\"https:\/\/max-emden.de\/wordpress\/wp-content\/uploads\/2016\/02\/ez2002TTBezirk.jpg\" target=\"_blank\">Max-Team auf Platz 2 im Bezirk<\/a><\/p>\n<p>OZ, 20.02.2016:\u00a0<a href=\"https:\/\/max-emden.de\/wordpress\/wp-content\/uploads\/2016\/02\/oz2002Musik.jpg\" target=\"_blank\">Der Pavillon kommt<\/a><\/p>\n<p>OZ, 20.02.2016:\u00a0<a href=\"https:\/\/max-emden.de\/wordpress\/wp-content\/uploads\/2016\/02\/oz2002TT.jpg\" target=\"_blank\">Osnabr\u00fcck war eine Nummer zu gro\u00df<\/a><\/p>\n<p>EZ, 19.02.2016:\u00a0<a href=\"https:\/\/max-emden.de\/wordpress\/wp-content\/uploads\/2016\/02\/ez1902Baugenehmigung.jpg\" target=\"_blank\">Genehmigung f\u00fcr Musikpavillon ist da<\/a><\/p>\n<p>EZ, 19.02.2016:\u00a0<a href=\"https:\/\/max-emden.de\/wordpress\/wp-content\/uploads\/2016\/02\/ez1902SSD.jpg\" target=\"_blank\">\u201eB\u00e4renhospital\u201d\u00a0im Roten Kreuz<\/a><\/p>\n<p>OZ, 13.02.2016:\u00a0<a href=\"https:\/\/max-emden.de\/wordpress\/wp-content\/uploads\/2016\/02\/oz1302Voleyball.jpg\" target=\"_blank\">Emder Gegner waren einfach zu stark<\/a><\/p>\n<p>EZ, 13.02.2016:\u00a0<a href=\"https:\/\/max-emden.de\/wordpress\/wp-content\/uploads\/2016\/02\/ez1302Volleyball.jpg\" target=\"_blank\">Max-Volleyballerinnen trafen auf zu starke Gegnerinnen<\/a><\/p>\n<p>EZ, 13.02.2016: <a href=\"https:\/\/max-emden.de\/wordpress\/wp-content\/uploads\/2016\/02\/ez1302Help.jpg\" target=\"_blank\">Konfliktl\u00f6sung in der Schule mal anders<\/a><\/p>\n<p>EZ, 13.02.2016:\u00a0<a href=\"https:\/\/max-emden.de\/wordpress\/wp-content\/uploads\/2016\/02\/ez1302Fl\u00fcchtlingeanSchulen.jpg\" target=\"_blank\">Fl\u00fcchtlingskinder an 15 allgemeinbildenden Schulen<\/a><\/p>\n<p>EZ, 12.02.2016:\u00a0<a href=\"https:\/\/max-emden.de\/wordpress\/wp-content\/uploads\/2016\/02\/ez1202Steuerkreis.jpg\" target=\"_blank\">Steuerkreis wird erweitert<\/a><\/p>\n<p>EZ, 06.02.2016:\u00a0<a href=\"https:\/\/max-emden.de\/wordpress\/wp-content\/uploads\/2016\/02\/ez0602MaxonIce.jpg\" target=\"_blank\">\u201eMax on Ice\u201d &#8211; Emder F\u00fcnftkl\u00e4ssler sch\u00f6felten in Groninger Eishalle<\/a><\/p>\n<p>EZ, 05.02.2016:\u00a0<a href=\"https:\/\/max-emden.de\/wordpress\/wp-content\/uploads\/2016\/02\/ez0502Sporthalle.jpg\" target=\"_blank\">Ende gut, alles gut &#8211; f\u00fcr die Turnhalle<\/a><\/p>\n<p>EZ, 04.02.2016:\u00a0<a href=\"https:\/\/max-emden.de\/wordpress\/wp-content\/uploads\/2016\/02\/ez0402Musikplanung.jpg\" target=\"_blank\">Schule muss vorerst weiter improvisieren<\/a><\/p>\n<p>EZ, 04.02.2016:\u00a0<a href=\"https:\/\/max-emden.de\/wordpress\/wp-content\/uploads\/2016\/02\/ez0402RedHandsBundestag.jpg\" target=\"_blank\">Protest-Banner aus Emden im Bundestag<\/a><\/p>\n<p>OZ, 22.01.2016: <a href=\"https:\/\/max-emden.de\/wordpress\/wp-content\/uploads\/2016\/02\/oz2201Kleidung.jpg\" target=\"_blank\">Sch\u00fcler designten Kleidung<\/a><\/p>\n<p>EZ, 15.01.2016:\u00a0<a href=\"https:\/\/max-emden.de\/wordpress\/wp-content\/uploads\/2016\/01\/ez1501Sporthalle.jpg\" target=\"_blank\">Nach Zeugnissen geht&#8217;s los<\/a><\/p>\n","protected":false},"excerpt":{"rendered":"<p>EZ, 31.12.2016:\u00a0Sch\u00fcler-Lehrer-Duo im Libanon EZ, 27.12.2016:\u00a0Zwei Treffen, die zur Schultradition geh\u00f6ren EZ, 24.12.2016:\u00a0Max-Sch\u00fcler feierten Weihnachtsgottesdienst EZ, 21.12.2016:\u00a0Max-Jungen bleiben am Ball EZ, 21.12.2016:\u00a0Es hat sich in<a class=\"moretag\" href=\"https:\/\/max-emden.de\/wordpress\/2016-2\/\"> [&#8230;]<\/a><\/p>\n","protected":false},"author":1,"featured_media":0,"parent":0,"menu_order":0,"comment_status":"closed","ping_status":"closed","template":"","meta":{"footnotes":""},"class_list":["post-1745","page","type-page","status-publish","hentry"],"_links":{"self":[{"href":"https:\/\/max-emden.de\/wordpress\/wp-json\/wp\/v2\/pages\/1745","targetHints":{"allow":["GET"]}}],"collection":[{"href":"https:\/\/max-emden.de\/wordpress\/wp-json\/wp\/v2\/pages"}],"about":[{"href":"https:\/\/max-emden.de\/wordpress\/wp-json\/wp\/v2\/types\/page"}],"author":[{"embeddable":true,"href":"https:\/\/max-emden.de\/wordpress\/wp-json\/wp\/v2\/users\/1"}],"replies":[{"embeddable":true,"href":"https:\/\/max-emden.de\/wordpress\/wp-json\/wp\/v2\/comments?post=1745"}],"version-history":[{"count":95,"href":"https:\/\/max-emden.de\/wordpress\/wp-json\/wp\/v2\/pages\/1745\/revisions"}],"predecessor-version":[{"id":3958,"href":"https:\/\/max-emden.de\/wordpress\/wp-json\/wp\/v2\/pages\/1745\/revisions\/3958"}],"wp:attachment":[{"href":"https:\/\/max-emden.de\/wordpress\/wp-json\/wp\/v2\/media?parent=1745"}],"curies":[{"name":"wp","href":"https:\/\/api.w.org\/{rel}","templated":true}]}}