{"id":17805,"date":"2024-12-12T20:36:47","date_gmt":"2024-12-12T19:36:47","guid":{"rendered":"https:\/\/max-emden.de\/wordpress\/?page_id=17805"},"modified":"2024-12-16T17:59:29","modified_gmt":"2024-12-16T16:59:29","slug":"schulsozialarbeit-am-max","status":"publish","type":"page","link":"https:\/\/max-emden.de\/wordpress\/schulsozialarbeit-am-max\/","title":{"rendered":"Schulsozialarbeit am Max"},"content":{"rendered":"<p>Liebe Sch\u00fcler*innen, liebe Eltern, liebe Kolleg*innen,<\/p>\n<p>mein Name ist Katrin Sawyer und ich arbeite seit dem 01.09.22 mit 20 Stunden als Schulsozialarbeiterin am Max-Windm\u00fcller-Gymnasium.<\/p>\n<p>Neben acht Jahren Berufserfahrung in der station\u00e4ren Jugendhilfe in Oldenburg, habe ich in Osnabr\u00fcck in verschiedenen Jugendzentren und im Bereich der gesetzlichen Betreuung gearbeitet. Bevor ich 2015 nach Emden gezogen bin, habe ich in Hamburg in einer jugendgerichtlichen Unterbringung mit straff\u00e4lligen Jugendlichen gearbeitet. Seit 2015 lebe ich in Emden und bin bei der Outlaw GgmbH, einem Jugendhilfetr\u00e4ger, angestellt. Neben der Teamleitung in der Wohngruppe habe ich in der ambulanten Familienhilfe und mit dem Projekt \u201eSoziales Lernen\u201c an der Gr\u00fcnen Weg Schule gearbeitet.<\/p>\n<p><a href=\"https:\/\/max-emden.de\/wordpress\/wp-content\/uploads\/2023\/01\/K1600_20220915_111725.jpg\"><img fetchpriority=\"high\" decoding=\"async\" class=\"alignnone size-full wp-image-14983\" src=\"https:\/\/max-emden.de\/wordpress\/wp-content\/uploads\/2023\/01\/K1600_20220915_111725.jpg\" sizes=\"(max-width: 2131px) 100vw, 2131px\" srcset=\"https:\/\/max-emden.de\/wordpress\/wp-content\/uploads\/2023\/01\/K1600_20220915_111725.jpg 2131w, https:\/\/max-emden.de\/wordpress\/wp-content\/uploads\/2023\/01\/K1600_20220915_111725-300x169.jpg 300w, https:\/\/max-emden.de\/wordpress\/wp-content\/uploads\/2023\/01\/K1600_20220915_111725-1024x577.jpg 1024w, https:\/\/max-emden.de\/wordpress\/wp-content\/uploads\/2023\/01\/K1600_20220915_111725-768x432.jpg 768w, https:\/\/max-emden.de\/wordpress\/wp-content\/uploads\/2023\/01\/K1600_20220915_111725-1536x865.jpg 1536w, https:\/\/max-emden.de\/wordpress\/wp-content\/uploads\/2023\/01\/K1600_20220915_111725-2048x1153.jpg 2048w\" alt=\"\" width=\"2131\" height=\"1200\" \/><\/a><\/p>\n<p>Als Schulsozialarbeiterin am Max-Windm\u00fcller-Gymnasium habe ich folgende Schwerpunkte:<\/p>\n<ul>\n<li><strong>Beratung von Sch\u00fcler*innen<br \/>\n<\/strong>Ansprech\u00adpartnerin bei Sorgen und Schwierig\u00adkeiten im schulischen, privaten und famili\u00e4ren Umfeld oder bei pers\u00f6nlichen Problemen (Noten, Leistungs\u00addruck, Gewalt in der Familie, Trennung, Sucht\u00adproblematik, Beziehungs\u00adprobleme etc.)<\/li>\n<li><strong>Beratung von Eltern und Erziehungs\u00adberechtigten<br \/>\n<\/strong>Unter\u00adst\u00fctzung und Beratung bei schulischen Angelegen\u00adheiten und bei Erziehungs\u00adfragen (Strukturen und Regeln im famili\u00e4ren System, Verhaltens\u00adauff\u00e4llig\u00adkeiten, Eltern-Lehrer-Austausch etc.)<\/li>\n<li><strong>Unter\u00adst\u00fctzung von Lehrer*innen<\/strong><br \/>\nUnter\u00adst\u00fctzung bei indivi\u00addueller Einzel\u00adfall\u00adarbeit, Begleitung von Gespr\u00e4chen, gemeinsame Planung und Durch\u00adf\u00fchrung von Klassen\u00adtagen und Pr\u00e4\u00adventions\u00adprogrammen (Verhaltens\u00adauff\u00e4llig\u00adkeiten, Sch\u00fcler-Lehrer-Gespr\u00e4che, Sozial\u00adkompetenz\u00adtraining, Gewalt\u00adpr\u00e4vention, Vermittlung und Begleitung RZI, Mobile Dienste, etc.)<\/li>\n<li>Zudem Vermitt\u00adlung und Begleitung von Sch\u00fcler*innen sowie Eltern und Erziehungs\u00adberech\u00adtigten zu sozialen\u00a0<strong>Einrich\u00adtungen und au\u00dfer\u00adschulischen Kooperations\u00adpartnern<\/strong>\u00a0(Beratungs\u00adeinrichtungen, schul\u00adpsycho\u00adlogischer Dienst, Berufsberatung, Therapeuten, Jugendamt etc.).<\/li>\n<\/ul>\n<p>Schulsozialarbeit ist ein Angebot der Jugendhilfe und richtet sich haupts\u00e4chlich an euch Sch\u00fcler*innen, aber nat\u00fcrlich auch an Eltern und das gesamte Lehrerkollegium. Das Angebot ist freiwillig, kostenlos und vertraulich. Ich biete euch bzw. Ihnen Gespr\u00e4che und Beratungen an, die selbstverst\u00e4ndlich der Schweigepflicht unterliegen.<\/p>\n<p>Meine Sprechzeiten sind von montags bis freitags von 10.00 Uhr bis 12.00 Uhr, oder nach Terminabsprache. Die Telefonnummer lautet \u00a004921-874167. Bei IServ bin ich unter Katrin.sawyer@max-emden.net zu finden.<\/p>\n<p>Ich freue mich auf die neue Herausforderung und eine gute Zusammenarbeit!<\/p>\n","protected":false},"excerpt":{"rendered":"<p>Liebe Sch\u00fcler*innen, liebe Eltern, liebe Kolleg*innen, mein Name ist Katrin Sawyer und ich arbeite seit dem 01.09.22 mit 20 Stunden als Schulsozialarbeiterin am Max-Windm\u00fcller-Gymnasium. Neben<a class=\"moretag\" href=\"https:\/\/max-emden.de\/wordpress\/schulsozialarbeit-am-max\/\"> [&#8230;]<\/a><\/p>\n","protected":false},"author":19,"featured_media":0,"parent":0,"menu_order":0,"comment_status":"closed","ping_status":"closed","template":"","meta":{"footnotes":""},"class_list":["post-17805","page","type-page","status-publish","hentry"],"_links":{"self":[{"href":"https:\/\/max-emden.de\/wordpress\/wp-json\/wp\/v2\/pages\/17805","targetHints":{"allow":["GET"]}}],"collection":[{"href":"https:\/\/max-emden.de\/wordpress\/wp-json\/wp\/v2\/pages"}],"about":[{"href":"https:\/\/max-emden.de\/wordpress\/wp-json\/wp\/v2\/types\/page"}],"author":[{"embeddable":true,"href":"https:\/\/max-emden.de\/wordpress\/wp-json\/wp\/v2\/users\/19"}],"replies":[{"embeddable":true,"href":"https:\/\/max-emden.de\/wordpress\/wp-json\/wp\/v2\/comments?post=17805"}],"version-history":[{"count":3,"href":"https:\/\/max-emden.de\/wordpress\/wp-json\/wp\/v2\/pages\/17805\/revisions"}],"predecessor-version":[{"id":17856,"href":"https:\/\/max-emden.de\/wordpress\/wp-json\/wp\/v2\/pages\/17805\/revisions\/17856"}],"wp:attachment":[{"href":"https:\/\/max-emden.de\/wordpress\/wp-json\/wp\/v2\/media?parent=17805"}],"curies":[{"name":"wp","href":"https:\/\/api.w.org\/{rel}","templated":true}]}}