{"id":18393,"date":"2025-01-24T21:12:43","date_gmt":"2025-01-24T20:12:43","guid":{"rendered":"https:\/\/max-emden.de\/wordpress\/?page_id=18393"},"modified":"2026-03-03T17:47:05","modified_gmt":"2026-03-03T16:47:05","slug":"der-foerderverein-des-max","status":"publish","type":"page","link":"https:\/\/max-emden.de\/wordpress\/der-foerderverein-des-max\/","title":{"rendered":"Der F\u00f6rderverein des Max"},"content":{"rendered":"\t\t<div data-elementor-type=\"wp-page\" data-elementor-id=\"18393\" class=\"elementor elementor-18393\" data-elementor-post-type=\"page\">\n\t\t\t\t\t\t<section class=\"elementor-section elementor-top-section elementor-element elementor-element-d8e2d52 elementor-section-boxed elementor-section-height-default elementor-section-height-default\" data-id=\"d8e2d52\" data-element_type=\"section\" data-e-type=\"section\">\n\t\t\t\t\t\t<div class=\"elementor-container elementor-column-gap-default\">\n\t\t\t\t\t<div class=\"elementor-column elementor-col-100 elementor-top-column elementor-element elementor-element-d98b4f1\" data-id=\"d98b4f1\" data-element_type=\"column\" data-e-type=\"column\">\n\t\t\t<div class=\"elementor-widget-wrap elementor-element-populated\">\n\t\t\t\t\t\t<div class=\"elementor-element elementor-element-9b7698a elementor-widget elementor-widget-text-editor\" data-id=\"9b7698a\" data-element_type=\"widget\" data-e-type=\"widget\" data-widget_type=\"text-editor.default\">\n\t\t\t\t<div class=\"elementor-widget-container\">\n\t\t\t\t\t\t\t\t\t<p><a href=\"https:\/\/max-emden.de\/wordpress\/wp-content\/uploads\/2016\/02\/Bildschirmfoto-2016-02-23-um-15.25.54.png\" rel=\"attachment wp-att-1947\"><img fetchpriority=\"high\" decoding=\"async\" class=\"aligncenter wp-image-1947 size-large\" src=\"https:\/\/max-emden.de\/wordpress\/wp-content\/uploads\/2016\/02\/Bildschirmfoto-2016-02-23-um-15.25.54-1024x272.png\" alt=\"F\u00f6rderverein_Logo\" width=\"1024\" height=\"272\" srcset=\"https:\/\/max-emden.de\/wordpress\/wp-content\/uploads\/2016\/02\/Bildschirmfoto-2016-02-23-um-15.25.54-1024x272.png 1024w, https:\/\/max-emden.de\/wordpress\/wp-content\/uploads\/2016\/02\/Bildschirmfoto-2016-02-23-um-15.25.54-300x80.png 300w, https:\/\/max-emden.de\/wordpress\/wp-content\/uploads\/2016\/02\/Bildschirmfoto-2016-02-23-um-15.25.54-768x204.png 768w, https:\/\/max-emden.de\/wordpress\/wp-content\/uploads\/2016\/02\/Bildschirmfoto-2016-02-23-um-15.25.54.png 1248w\" sizes=\"(max-width: 1024px) 100vw, 1024px\" \/><\/a><\/p><p class=\"sidebarFooter\"><a name=\"vorstellung\"><\/a><a name=\"aktiv\"><\/a><\/p>\t\t\t\t\t\t\t\t<\/div>\n\t\t\t\t<\/div>\n\t\t\t\t\t<\/div>\n\t\t<\/div>\n\t\t\t\t\t<\/div>\n\t\t<\/section>\n\t\t\t\t<section class=\"elementor-section elementor-top-section elementor-element elementor-element-c27e2c8 elementor-section-boxed elementor-section-height-default elementor-section-height-default\" data-id=\"c27e2c8\" data-element_type=\"section\" data-e-type=\"section\">\n\t\t\t\t\t\t<div class=\"elementor-container elementor-column-gap-default\">\n\t\t\t\t\t<div class=\"elementor-column elementor-col-100 elementor-top-column elementor-element elementor-element-ac2a84d\" data-id=\"ac2a84d\" data-element_type=\"column\" data-e-type=\"column\">\n\t\t\t<div class=\"elementor-widget-wrap elementor-element-populated\">\n\t\t\t\t\t\t<div class=\"elementor-element elementor-element-1dbd950 elementor-align-center elementor-widget elementor-widget-button\" data-id=\"1dbd950\" data-element_type=\"widget\" data-e-type=\"widget\" data-widget_type=\"button.default\">\n\t\t\t\t<div class=\"elementor-widget-container\">\n\t\t\t\t\t\t\t\t\t<div class=\"elementor-button-wrapper\">\n\t\t\t\t\t<a class=\"elementor-button elementor-button-link elementor-size-lg\" href=\"https:\/\/max-emden.de\/wordpress\/wp-content\/uploads\/2026\/03\/Foerderverein-MWG-Beitrittserklaerung-2025.pdf\">\n\t\t\t\t\t\t<span class=\"elementor-button-content-wrapper\">\n\t\t\t\t\t\t\t\t\t<span class=\"elementor-button-text\"> \u00a0\u00a0\u00a0 \u00a0\u00a0\u00a0\u00a0 \u00a0\u00a0\u00a0- Beitreten -  \u00a0\u00a0\u00a0\u00a0 \u00a0\u00a0\u00a0\u00a0\u00a0\u00a0<\/span>\n\t\t\t\t\t<\/span>\n\t\t\t\t\t<\/a>\n\t\t\t\t<\/div>\n\t\t\t\t\t\t\t\t<\/div>\n\t\t\t\t<\/div>\n\t\t\t\t\t<\/div>\n\t\t<\/div>\n\t\t\t\t\t<\/div>\n\t\t<\/section>\n\t\t\t\t<section class=\"elementor-section elementor-top-section elementor-element elementor-element-5c4c388 elementor-section-boxed elementor-section-height-default elementor-section-height-default\" data-id=\"5c4c388\" data-element_type=\"section\" data-e-type=\"section\">\n\t\t\t\t\t\t<div class=\"elementor-container elementor-column-gap-default\">\n\t\t\t\t\t<div class=\"elementor-column elementor-col-100 elementor-top-column elementor-element elementor-element-a26b2cb\" data-id=\"a26b2cb\" data-element_type=\"column\" data-e-type=\"column\">\n\t\t\t<div class=\"elementor-widget-wrap elementor-element-populated\">\n\t\t\t\t\t\t<div class=\"elementor-element elementor-element-2a828e7 elementor-align-center elementor-widget elementor-widget-button\" data-id=\"2a828e7\" data-element_type=\"widget\" data-e-type=\"widget\" data-widget_type=\"button.default\">\n\t\t\t\t<div class=\"elementor-widget-container\">\n\t\t\t\t\t\t\t\t\t<div class=\"elementor-button-wrapper\">\n\t\t\t\t\t<a class=\"elementor-button elementor-button-link elementor-size-lg\" href=\"https:\/\/max-emden.de\/wordpress\/category\/gremien\/foerderverein\/\">\n\t\t\t\t\t\t<span class=\"elementor-button-content-wrapper\">\n\t\t\t\t\t\t\t\t\t<span class=\"elementor-button-text\"> \u00a0\u00a0\u00a0 \u00a0\u00a0\u00a0\u00a0 \u00a0\u00a0\u00a0- Aktuelles -  \u00a0\u00a0\u00a0\u00a0 \u00a0\u00a0\u00a0\u00a0\u00a0\u00a0<\/span>\n\t\t\t\t\t<\/span>\n\t\t\t\t\t<\/a>\n\t\t\t\t<\/div>\n\t\t\t\t\t\t\t\t<\/div>\n\t\t\t\t<\/div>\n\t\t\t\t\t<\/div>\n\t\t<\/div>\n\t\t\t\t\t<\/div>\n\t\t<\/section>\n\t\t\t\t<section class=\"elementor-section elementor-top-section elementor-element elementor-element-6df8a4c elementor-section-boxed elementor-section-height-default elementor-section-height-default\" data-id=\"6df8a4c\" data-element_type=\"section\" data-e-type=\"section\">\n\t\t\t\t\t\t<div class=\"elementor-container elementor-column-gap-default\">\n\t\t\t\t\t<div class=\"elementor-column elementor-col-100 elementor-top-column elementor-element elementor-element-52c254e\" data-id=\"52c254e\" data-element_type=\"column\" data-e-type=\"column\">\n\t\t\t<div class=\"elementor-widget-wrap elementor-element-populated\">\n\t\t\t\t\t\t<div class=\"elementor-element elementor-element-880dab8 elementor-widget elementor-widget-text-editor\" data-id=\"880dab8\" data-element_type=\"widget\" data-e-type=\"widget\" data-widget_type=\"text-editor.default\">\n\t\t\t\t<div class=\"elementor-widget-container\">\n\t\t\t\t\t\t\t\t\t<p>Der F\u00f6rderverein des Max-Windm\u00fcller-Gymnasiums e.V. (vormals Gymnasium am Treckfahrtstief) wurde von Eltern, Lehrern und Ehemaligen gegr\u00fcndet, um das Gymnasium in seiner Arbeit mit den Sch\u00fclerinnen und Sch\u00fclern zu unterst\u00fctzen, sei es durch die Anschaffung au\u00dferplanm\u00e4\u00dfiger Lehr- und Lernmittel oder die F\u00f6rderung p\u00e4dagogisch bedeutsamer Projekte.<\/p><p>Welche Projekte des Gymnasiums hat der F\u00f6rderverein in den letzten zwei Jahren finanziell unterst\u00fctzt?<\/p><p><strong>R\u00fcckblick auf gef\u00f6rderte Projekte seit der letzten Mitgliederversammlung im Kalenderjahr 2024 und 2025<\/strong><\/p><ul><li>Das Ehemaligentreffen 2024 war gut besucht, Firefly hat gewohnt gut mit Musik untermalt<\/li><li>\u00dcbernahme der Teilnahmekosten f\u00fcr Mathe im Advent<\/li><li>H\u00e4lftige \u00dcbernahme der Eintrittskosten f\u00fcr den Besuch des Theaterst\u00fccks \u201eRobinson Crusoe\u201c des 7.Jahrgangs<\/li><li>H\u00e4lftige \u00dcbernahme der Eintrittskosten f\u00fcr den Besuch des Theaterst\u00fccks \u201ePopcorn oder einsame Explosionen\u201c des 9. Jahrgangs<\/li><li>\u00dcbernahme der Fahrtkosten zur Meyer Werft im Rahmen des \u201eWirtschaft zum Anfassen\u201c-Projektes im Jahrgang 10<\/li><li>Unterst\u00fctzung des Besuchs und Gespr\u00e4chs mit Sch\u00fcler\/-innen der Jahrg\u00e4nge 11 und 12 von Dr. Jens-Christian Wagner, Leiter der Gedenkst\u00e4tte Buchenwald, zum 80.Todestag von Max Windm\u00fcller<\/li><li>\u00dcbernahme der Logiskosten der Zweitzeugen<\/li><li>Beteiligung an den Fahrtkosten zum Werder Bremen Spiel zu dem Werder Bremen 30 Freikarten zur Verf\u00fcgung gestellt hat.<\/li><li>Unterst\u00fctzung der Theater AG durch Zuschuss zu Requisiten und Druckkosten f\u00fcr die Auff\u00fchrung des Theaterst\u00fccks \u201eIn 80 Tagen um die Welt\u201c<\/li><li>Kauf von 2 gebrauchten Segelbooten \u201eTeeny\u201c inkl. Trailer und Persenning f\u00fcr die Segel AG.<\/li><li>\u00dcbernahme der Kosten f\u00fcr den Wachdienst der DLRG bei der Drachenboot ReGaTta<\/li><li>Unterst\u00fctzung der Teilnahme der M\u00e4dchenfu\u00dfballmannschaft am Werder Cup durch Beteiligung an den Fahrtkosten nach Bremen<\/li><li>Unterst\u00fctzung des Finnland-Projektes bei dem Sch\u00fcler\/-innen in Finnland die aktuelle politische Situation verkn\u00fcpfen mit dem historischen finnischen Film \u201eIkitie\u201c und dar\u00fcber mit dem Regisseur und Schauspieler\/-innen des Films diskutieren.<\/li><li>Auszeichnung der drei besten Abiturienten\/-innen mit je 250,-\u20ac sowie der vier sozial engagiertesten Absolventen\/-innen mit je 100,-\u20ac<\/li><li>\u00dcbernahme der Teilnahmekosten f\u00fcr Sch\u00fcler\/-innen des Junior-Coach-Lehrgangs w\u00e4hrend der Projekttage<\/li><li>\u00dcbernahme der Kosten f\u00fcr 2 Paten\/Patinnen je Klasse und Malb\u00fccher f\u00fcr die Ihlowfahrt des 5. Jahrgangs<\/li><li>\u00dcbernahme der Fahrtkosten f\u00fcr 4 Teilnehmerinnen des Klimacamps der UNESCO-Projektschulen in Heidelberg mit Workshops und Austausch im Rahmen des Klimastationsnetzwerkes<\/li><li>Anteilige \u00dcbernahme der Fahrtkosten von 2 Religionskursen des 8. Jahrgangs zu dem Theaterst\u00fcck \u201ePlay Luther\u201c in Aurich<\/li><li>Unterst\u00fctzung des Wirtschaft-WPK in Jahrgang 11 bei einer Feier f\u00fcr die Jahrg\u00e4nge 5 bis 8 aus deren Erl\u00f6s ein Kamingespr\u00e4ch mit mehreren Unternehmer\/-innen finanziert werden konnte.<\/li><li>\u00dcbernahme der Anschaffungskosten f\u00fcr 200 Locksta-Taschen um die Durchsetzung der neuen Mediennutzungsregeln im Sinne aller Sch\u00fcler unterst\u00fctzen.<\/li><\/ul><p>Auch das \u201e<strong>GaT &amp; MAX- Together\u201c<\/strong>, das traditionelle Ehemaligentreffen am 23.12. jeden Jahres, wird vom F\u00f6rderverein ausgerichtet.<\/p><p>Au\u00dferdem verleiht der F\u00f6rderverein\u00a0<strong>Preise an die drei besten Abiturientinnen\/Abiturienten.<\/strong>\u00a0Weiterhin wird ein\u00a0<strong>Sozialpreis f\u00fcr herausragendes Engagement<\/strong>\u00a0im Abiturjahrgang vergeben.<\/p><p><strong>Was k\u00f6nnen Sie tun, um die Ziele des Vereins zu unterst\u00fctzen?<\/strong><\/p><ul><li>Werden Sie f\u00fcr nur 12 \u20ac Jahresbeitrag Mitglied im F\u00f6rderverein!<\/li><li>Machen Sie Werbung und sprechen Sie \u00fcber den F\u00f6rderverein!<\/li><li>Nehmen Sie an der j\u00e4hrlichen Mitgliederversammlung teil!<\/li><li>Nennen Sie Ihre Idee, die sp\u00e4ter einmal realisiert werden k\u00f6nnte!<\/li><\/ul><p>Seien Sie dabei, werden Sie Mitglied und erm\u00f6glichen damit, dass der F\u00f6rderverein auch zuk\u00fcnftig in diesem Umfang Projekte des Gymnasiums unterst\u00fctzen kann. Ihr Beitrag kommt den Sch\u00fclerinnen und Sch\u00fclern direkt zu Gute!<\/p><p>Die ausgef\u00fcllte <a href=\"https:\/\/max-emden.de\/wordpress\/wp-content\/uploads\/2016\/02\/F\u00f6rderverein-MWG-Beitrittserkl\u00e4rung.pdf\" target=\"_blank\" rel=\"noopener\">Beitrittserkl\u00e4rung<\/a> k\u00f6nnen Sie im Sekretariat des Max-Windm\u00fcller-Gymnasiums abgeben!<\/p><p>Wir freuen uns auf Sie!<\/p><p>Kontakt: <a href=\"mailto:fv@max-emden.net\">fv@max-emden.net<\/a><\/p><hr \/><p class=\"sidebarFooter\"><a name=\"vorstand\"><\/a>Der Vorstand:<\/p><p><span class=\"smalltext\">1. Vorsitzende:\u00a0Dr. Susanne Benner<\/span><br \/><span class=\"smalltext\">2. Vorsitzender:<\/span>\u00a0<span class=\"smalltextbold\">Alexander Schwenen<\/span><br \/><span class=\"smalltext\">Kassenwartin:<\/span>\u00a0<span class=\"smalltextbold\">Susanne Landt<\/span><br \/><span class=\"smalltext\">Schriftf\u00fchrer:<\/span>\u00a0<span class=\"smalltextbold\">Frank Tapper<\/span><br \/><span class=\"smalltext\">Beisitzer:<\/span>\u00a0<span class=\"smalltextbold\">Edzard Barghoorn, Tessa D. Br\u00fcckmann-Gerdes, Heidi Zimmer<\/span><\/p><hr \/><p class=\"sidebarFooter\"><a id=\"protokolle\" name=\"protokolle\"><\/a>Protokolle der Mitgliederversammlungen:<\/p><p class=\"smalltextbold\"><a href=\"http:\/\/gat-emden.de\/foerderverein\/Protokoll%20Mitgliederversammlung%2018.11.2014.pdf\">18.11.2014<\/a><\/p><p class=\"smalltextbold\"><a href=\"https:\/\/max-emden.de\/wordpress\/wp-content\/uploads\/2016\/02\/Protokoll-MV-28.09.2015.pdf\" target=\"_blank\" rel=\"noopener\">28.09.2015<\/a><\/p><p class=\"smalltextbold\"><a href=\"https:\/\/max-emden.de\/wordpress\/wp-content\/uploads\/2016\/07\/Protokoll-MV-31.05.2016.pdf\">31.05.2016<\/a><\/p><p class=\"smalltextbold\"><a href=\"https:\/\/max-emden.de\/wordpress\/wp-content\/uploads\/2016\/02\/Protokoll-Mitgliederversammlung-08.11.2016.pdf\">08.11.2016<\/a><\/p><p><a href=\"https:\/\/max-emden.de\/wordpress\/wp-content\/uploads\/2017\/01\/Protokoll-MV-F\u00f6rderverein-19.9.2017.pdf\">19.09.2017\u00a0<\/a><\/p><p><a href=\"https:\/\/max-emden.de\/wordpress\/wp-content\/uploads\/2017\/01\/Protokol-MV-16.10.2018.pdf\">16.10.2018<\/a><\/p><p><a href=\"https:\/\/max-emden.de\/wordpress\/wp-content\/uploads\/2017\/01\/Protokoll-MV-22.10.2019.pdf\">22.10.2019<\/a><\/p><p><a href=\"https:\/\/max-emden.de\/wordpress\/wp-content\/uploads\/2021\/10\/Protokoll-Mitgliederversammlung-Foerderverein-14.09.2021.pdf\">14.09.2021<\/a><\/p><p><a href=\"https:\/\/max-emden.de\/wordpress\/wp-content\/uploads\/2023\/04\/Protokoll-Mitgliederversammlung-Foerderverein-08112022.pdf\">08.11.2022<\/a><\/p><p><a href=\"https:\/\/max-emden.de\/wordpress\/wp-content\/uploads\/2024\/04\/Protokoll-Mitgliederversammlung-Foerderverein-14112023.pdf\">14.11.2023<\/a><\/p><hr \/><p class=\"sidebarFooter\"><a name=\"termine\"><\/a>Termine:<\/p><p class=\"sidebarFooter\"><a name=\"satzung\"><\/a><\/p><hr \/><p class=\"sidebarFooter\"><a name=\"satzung\"><\/a>Satzung und Beitrittsformular:<\/p><p class=\"smalltextbold\"><strong><a href=\"https:\/\/max-emden.de\/wordpress\/wp-content\/uploads\/2016\/07\/Satzung-F\u00f6rderverein-MAX-31.05.2016.pdf\" target=\"_blank\" rel=\"noopener\">Satzung vom 31.05.2016 <\/a><\/strong><br \/><strong><a href=\"https:\/\/max-emden.de\/wordpress\/wp-content\/uploads\/2016\/02\/F\u00f6rderverein-MWG-Beitrittserkl\u00e4rung.pdf\" target=\"_blank\" rel=\"noopener\" data-wplink-edit=\"true\">Beitrittsformular\u00a0<\/a><\/strong><\/p><hr \/><p class=\"sidebarFooter\"><a name=\"bank\"><\/a>Bankverbindung:<\/p><p class=\"smalltextbold\">SEPA: DE 31 2845 0000 0000 1013 11<\/p><p class=\"smalltextbold\">Konto- Nr. 10 13 11<br \/>BLZ 284 500 00<br \/>Sparkasse Emden<\/p><p class=\"smalltextbold\">F\u00fcr Spenden erhalten Sie eine Spendenbescheinigung zur Vorlage beim Finanzamt.<\/p><hr \/>\t\t\t\t\t\t\t\t<\/div>\n\t\t\t\t<\/div>\n\t\t\t\t\t<\/div>\n\t\t<\/div>\n\t\t\t\t\t<\/div>\n\t\t<\/section>\n\t\t\t\t<\/div>\n\t\t","protected":false},"excerpt":{"rendered":"<p>\u00a0\u00a0\u00a0 \u00a0\u00a0\u00a0\u00a0 \u00a0\u00a0\u00a0&#8211; Beitreten &#8211; \u00a0\u00a0\u00a0\u00a0 \u00a0\u00a0\u00a0\u00a0\u00a0\u00a0 \u00a0\u00a0\u00a0 \u00a0\u00a0\u00a0\u00a0 \u00a0\u00a0\u00a0&#8211; Aktuelles &#8211; \u00a0\u00a0\u00a0\u00a0 \u00a0\u00a0\u00a0\u00a0\u00a0\u00a0 Der F\u00f6rderverein des Max-Windm\u00fcller-Gymnasiums e.V. (vormals Gymnasium am Treckfahrtstief) wurde von<a class=\"moretag\" href=\"https:\/\/max-emden.de\/wordpress\/der-foerderverein-des-max\/\"> [&#8230;]<\/a><\/p>\n","protected":false},"author":19,"featured_media":17437,"parent":0,"menu_order":0,"comment_status":"closed","ping_status":"closed","template":"","meta":{"footnotes":""},"class_list":["post-18393","page","type-page","status-publish","has-post-thumbnail","hentry"],"_links":{"self":[{"href":"https:\/\/max-emden.de\/wordpress\/wp-json\/wp\/v2\/pages\/18393","targetHints":{"allow":["GET"]}}],"collection":[{"href":"https:\/\/max-emden.de\/wordpress\/wp-json\/wp\/v2\/pages"}],"about":[{"href":"https:\/\/max-emden.de\/wordpress\/wp-json\/wp\/v2\/types\/page"}],"author":[{"embeddable":true,"href":"https:\/\/max-emden.de\/wordpress\/wp-json\/wp\/v2\/users\/19"}],"replies":[{"embeddable":true,"href":"https:\/\/max-emden.de\/wordpress\/wp-json\/wp\/v2\/comments?post=18393"}],"version-history":[{"count":22,"href":"https:\/\/max-emden.de\/wordpress\/wp-json\/wp\/v2\/pages\/18393\/revisions"}],"predecessor-version":[{"id":21218,"href":"https:\/\/max-emden.de\/wordpress\/wp-json\/wp\/v2\/pages\/18393\/revisions\/21218"}],"wp:featuredmedia":[{"embeddable":true,"href":"https:\/\/max-emden.de\/wordpress\/wp-json\/wp\/v2\/media\/17437"}],"wp:attachment":[{"href":"https:\/\/max-emden.de\/wordpress\/wp-json\/wp\/v2\/media?parent=18393"}],"curies":[{"name":"wp","href":"https:\/\/api.w.org\/{rel}","templated":true}]}}